{"id":2915,"date":"2022-01-31T14:46:58","date_gmt":"2022-01-31T13:46:58","guid":{"rendered":"https:\/\/geneve.wordcamp.org\/2022\/?page_id=2915"},"modified":"2022-03-13T15:47:25","modified_gmt":"2022-03-13T14:47:25","slug":"news","status":"publish","type":"page","link":"https:\/\/geneve.wordcamp.org\/2022\/news\/","title":{"rendered":"News"},"content":{"rendered":"\n<p class=\"wp-block-paragraph\">[<em><a href=\"https:\/\/geneve.wordcamp.org\/2022\/actualites\/\" data-type=\"page\" data-id=\"123\">\u2192&nbsp;Version fran\u00e7aise<\/a><\/em>]<\/p>\n\n\n\n<p class=\"wp-block-paragraph\">Subscribe to receive all our news<\/p>\n\n\n<div class=\"wp-block-jetpack-subscriptions__supports-newline wp-block-jetpack-subscriptions\">\n\t\t<div>\n\t\t\t<div>\n\t\t\t\t<div>\n\t\t\t\t\t<p >\n\t\t\t\t\t\t<a href=\"https:\/\/geneve.wordcamp.org\/2022\/?post_type=page&#038;p=2915\" style=\"font-size: 16px;padding: 15px 23px 15px 23px;margin: 0; margin-left: 10px;border-radius: 0px;border-width: 1px; text-decoration: none; white-space: nowrap; margin-left: 0\">Subscribe<\/a>\n\t\t\t\t\t<\/p>\n\t\t\t\t<\/div>\n\t\t\t<\/div>\n\t\t<\/div>\n\t<\/div>\n\n\n<div style=\"height:30px\" aria-hidden=\"true\" class=\"wp-block-spacer\"><\/div>\n\n\n\n<div class=\"wp-block-query alignwide is-layout-constrained wp-block-query-is-layout-constrained\"><ul class=\"alignwide wp-block-post-template is-layout-flow wp-block-post-template-is-layout-flow\"><li class=\"wp-block-post post-6669 post type-post status-publish format-standard has-post-thumbnail hentry category-english\">\n\n<div class=\"wp-block-group is-layout-flow wp-block-group-is-layout-flow\"><figure style=\"margin-top:calc(1.75 * var(--wp--style--block-gap));\" class=\"alignwide wp-block-post-featured-image\"><a href=\"https:\/\/geneve.wordcamp.org\/2022\/many-thanks\/\" target=\"_self\"  ><img loading=\"lazy\" decoding=\"async\" width=\"1568\" height=\"515\" src=\"https:\/\/geneve.wordcamp.org\/2022\/files\/2021\/12\/wcgeneve-photo-by-carlita-benazito-1568x515.jpg\" class=\"attachment-post-thumbnail size-post-thumbnail wp-post-image\" alt=\"Many thanks!\" style=\"object-fit:cover;\" srcset=\"https:\/\/geneve.wordcamp.org\/2022\/files\/2021\/12\/wcgeneve-photo-by-carlita-benazito-1568x515.jpg 1568w, https:\/\/geneve.wordcamp.org\/2022\/files\/2021\/12\/wcgeneve-photo-by-carlita-benazito-300x98.jpg 300w, https:\/\/geneve.wordcamp.org\/2022\/files\/2021\/12\/wcgeneve-photo-by-carlita-benazito-1024x336.jpg 1024w, https:\/\/geneve.wordcamp.org\/2022\/files\/2021\/12\/wcgeneve-photo-by-carlita-benazito-768x252.jpg 768w, https:\/\/geneve.wordcamp.org\/2022\/files\/2021\/12\/wcgeneve-photo-by-carlita-benazito-500x164.jpg 500w, https:\/\/geneve.wordcamp.org\/2022\/files\/2021\/12\/wcgeneve-photo-by-carlita-benazito-1536x504.jpg 1536w, https:\/\/geneve.wordcamp.org\/2022\/files\/2021\/12\/wcgeneve-photo-by-carlita-benazito.jpg 1920w\" sizes=\"auto, (max-width: 1568px) 100vw, 1568px\" \/><\/a><\/figure>\n\n<h2 class=\"alignwide wp-block-post-title has-var-wp-custom-typography-font-size-huge-clamp-2-25-rem-4-vw-2-75-rem-font-size\"><a href=\"https:\/\/geneve.wordcamp.org\/2022\/many-thanks\/\" target=\"_self\" >Many thanks!<\/a><\/h2>\n\n<div style=\"font-style:italic;font-weight:400;\" class=\"wp-block-post-date has-small-font-size\"><a href=\"https:\/\/geneve.wordcamp.org\/2022\/many-thanks\/\"><time datetime=\"2022-04-11T10:33:51+02:00\">avril 11, 2022<\/time><\/a><\/div>\n\n<div class=\"wp-block-post-excerpt\"><p class=\"wp-block-post-excerpt__excerpt\">[\u2192&nbsp;Version fran\u00e7aise] WordCamp Geneva 2022 is (unfortunately) already a thing of the past. Once again, we&rsquo;d like to say a big THANK YOU to all those who contributed to the success of this event: Thank you to all the speakers for their presentations and workshops, which interested the many people present. They will continue to\u2026<\/p><p class=\"wp-block-post-excerpt__more-text\"><a class=\"wp-block-post-excerpt__more-link\" href=\"https:\/\/geneve.wordcamp.org\/2022\/many-thanks\/\">Read more<\/a><\/p><\/div>\n\n\n<div style=\"height:30px\" aria-hidden=\"true\" class=\"wp-block-spacer\"><\/div>\n\n\n\n<hr class=\"wp-block-separator alignwide is-style-wide\" \/>\n\n\n\n<div style=\"height:30px\" aria-hidden=\"true\" class=\"wp-block-spacer\"><\/div>\n<\/div>\n\n<\/li><li class=\"wp-block-post post-6655 post type-post status-publish format-standard hentry category-english\">\n\n<div class=\"wp-block-group is-layout-flow wp-block-group-is-layout-flow\">\n\n<h2 class=\"alignwide wp-block-post-title has-var-wp-custom-typography-font-size-huge-clamp-2-25-rem-4-vw-2-75-rem-font-size\"><a href=\"https:\/\/geneve.wordcamp.org\/2022\/livestream-en\/\" target=\"_self\" >Livestream<\/a><\/h2>\n\n<div style=\"font-style:italic;font-weight:400;\" class=\"wp-block-post-date has-small-font-size\"><a href=\"https:\/\/geneve.wordcamp.org\/2022\/livestream-en\/\"><time datetime=\"2022-04-09T00:58:13+02:00\">avril 9, 2022<\/time><\/a><\/div>\n\n<div class=\"wp-block-post-excerpt\"><p class=\"wp-block-post-excerpt__excerpt\">For all those who could not make the trip, we are pleased to announce that the talks in room 1 (not the workshops) will be filmed and broadcast live<\/p><p class=\"wp-block-post-excerpt__more-text\"><a class=\"wp-block-post-excerpt__more-link\" href=\"https:\/\/geneve.wordcamp.org\/2022\/livestream-en\/\">Read more<\/a><\/p><\/div>\n\n\n<div style=\"height:30px\" aria-hidden=\"true\" class=\"wp-block-spacer\"><\/div>\n\n\n\n<hr class=\"wp-block-separator alignwide is-style-wide\" \/>\n\n\n\n<div style=\"height:30px\" aria-hidden=\"true\" class=\"wp-block-spacer\"><\/div>\n<\/div>\n\n<\/li><li class=\"wp-block-post post-6501 post type-post status-publish format-standard hentry category-english category-francais\">\n\n<div class=\"wp-block-group is-layout-flow wp-block-group-is-layout-flow\">\n\n<h2 class=\"alignwide wp-block-post-title has-var-wp-custom-typography-font-size-huge-clamp-2-25-rem-4-vw-2-75-rem-font-size\"><a href=\"https:\/\/geneve.wordcamp.org\/2022\/alphosting-silver-sponsor\/\" target=\"_self\" >AlpHosting: Merci \u00e0 notre sponsor Argent \/ Many thanks to our Silver Sponsor<\/a><\/h2>\n\n<div style=\"font-style:italic;font-weight:400;\" class=\"wp-block-post-date has-small-font-size\"><a href=\"https:\/\/geneve.wordcamp.org\/2022\/alphosting-silver-sponsor\/\"><time datetime=\"2022-03-25T09:00:00+01:00\">mars 25, 2022<\/time><\/a><\/div>\n\n<div class=\"wp-block-post-excerpt\"><p class=\"wp-block-post-excerpt__excerpt\">Nous remercions chaleureusement AlpHosting pour le soutien continu en faveur de la communaut\u00e9 WordPress et de notre \u00e9v\u00e9nement. Nous n\u2019aurions pu organiser le WordCamp Gen\u00e8ve 2022 \u00e0 des conditions aussi favorables pour les participants sans ce g\u00e9n\u00e9reux soutien. We warmly thank AlpHosting for the ongoing support to the WordPress community and our event. We couldn\u2019t\u2026<\/p><p class=\"wp-block-post-excerpt__more-text\"><a class=\"wp-block-post-excerpt__more-link\" href=\"https:\/\/geneve.wordcamp.org\/2022\/alphosting-silver-sponsor\/\">Read more<\/a><\/p><\/div>\n\n\n<div style=\"height:30px\" aria-hidden=\"true\" class=\"wp-block-spacer\"><\/div>\n\n\n\n<hr class=\"wp-block-separator alignwide is-style-wide\" \/>\n\n\n\n<div style=\"height:30px\" aria-hidden=\"true\" class=\"wp-block-spacer\"><\/div>\n<\/div>\n\n<\/li><li class=\"wp-block-post post-6494 post type-post status-publish format-standard hentry category-english category-francais\">\n\n<div class=\"wp-block-group is-layout-flow wp-block-group-is-layout-flow\">\n\n<h2 class=\"alignwide wp-block-post-title has-var-wp-custom-typography-font-size-huge-clamp-2-25-rem-4-vw-2-75-rem-font-size\"><a href=\"https:\/\/geneve.wordcamp.org\/2022\/infomaniak-silver-sponsor\/\" target=\"_self\" >Infomaniak: Many thanks to our Silver Sponsor \/ Merci \u00e0 notre sponsor Argent<\/a><\/h2>\n\n<div style=\"font-style:italic;font-weight:400;\" class=\"wp-block-post-date has-small-font-size\"><a href=\"https:\/\/geneve.wordcamp.org\/2022\/infomaniak-silver-sponsor\/\"><time datetime=\"2022-03-24T14:41:06+01:00\">mars 24, 2022<\/time><\/a><\/div>\n\n<div class=\"wp-block-post-excerpt\"><p class=\"wp-block-post-excerpt__excerpt\">We warmly thank Infomaniak for the ongoing support to the WordPress community and our event. We couldn\u2019t have made WordCamp Gen\u00e8ve 2022 possible at such a low price for attendees without this generosity. Infomaniak had also written in 2020 an\u00a0article\u00a0about the WordPress community. We are most thankful for that. Nous remercions chaleureusement Infomaniak et leur\u2026<\/p><p class=\"wp-block-post-excerpt__more-text\"><a class=\"wp-block-post-excerpt__more-link\" href=\"https:\/\/geneve.wordcamp.org\/2022\/infomaniak-silver-sponsor\/\">Read more<\/a><\/p><\/div>\n\n\n<div style=\"height:30px\" aria-hidden=\"true\" class=\"wp-block-spacer\"><\/div>\n\n\n\n<hr class=\"wp-block-separator alignwide is-style-wide\" \/>\n\n\n\n<div style=\"height:30px\" aria-hidden=\"true\" class=\"wp-block-spacer\"><\/div>\n<\/div>\n\n<\/li><li class=\"wp-block-post post-6435 post type-post status-publish format-standard hentry category-english category-francais\">\n\n<div class=\"wp-block-group is-layout-flow wp-block-group-is-layout-flow\">\n\n<h2 class=\"alignwide wp-block-post-title has-var-wp-custom-typography-font-size-huge-clamp-2-25-rem-4-vw-2-75-rem-font-size\"><a href=\"https:\/\/geneve.wordcamp.org\/2022\/webkinder-gold-sponsor\/\" target=\"_self\" >Webkinder: Many thanks to our Gold Sponsor \/ Merci \u00e0 notre sponsor Gold<\/a><\/h2>\n\n<div style=\"font-style:italic;font-weight:400;\" class=\"wp-block-post-date has-small-font-size\"><a href=\"https:\/\/geneve.wordcamp.org\/2022\/webkinder-gold-sponsor\/\"><time datetime=\"2022-03-23T13:00:00+01:00\">mars 23, 2022<\/time><\/a><\/div>\n\n<div class=\"wp-block-post-excerpt\"><p class=\"wp-block-post-excerpt__excerpt\">We warmly thank Webkinder for the ongoing support to the WordPress community and our event. We couldn\u2019t have made WordCamp Gen\u00e8ve 2022 possible at such a low price for attendees without this generosity. Please visit them at the sponsor table! Nous remercions chaleureusement Webkinder pour le soutien continu en faveur de la communaut\u00e9 WordPress et\u2026<\/p><p class=\"wp-block-post-excerpt__more-text\"><a class=\"wp-block-post-excerpt__more-link\" href=\"https:\/\/geneve.wordcamp.org\/2022\/webkinder-gold-sponsor\/\">Read more<\/a><\/p><\/div>\n\n\n<div style=\"height:30px\" aria-hidden=\"true\" class=\"wp-block-spacer\"><\/div>\n\n\n\n<hr class=\"wp-block-separator alignwide is-style-wide\" \/>\n\n\n\n<div style=\"height:30px\" aria-hidden=\"true\" class=\"wp-block-spacer\"><\/div>\n<\/div>\n\n<\/li><li class=\"wp-block-post post-6433 post type-post status-publish format-standard hentry category-english category-francais\">\n\n<div class=\"wp-block-group is-layout-flow wp-block-group-is-layout-flow\">\n\n<h2 class=\"alignwide wp-block-post-title has-var-wp-custom-typography-font-size-huge-clamp-2-25-rem-4-vw-2-75-rem-font-size\"><a href=\"https:\/\/geneve.wordcamp.org\/2022\/godaddy-pro-gold-sponsor\/\" target=\"_self\" >GoDaddy Pro: Many thanks to our Gold Sponsor \/ Merci \u00e0 notre sponsor Gold<\/a><\/h2>\n\n<div style=\"font-style:italic;font-weight:400;\" class=\"wp-block-post-date has-small-font-size\"><a href=\"https:\/\/geneve.wordcamp.org\/2022\/godaddy-pro-gold-sponsor\/\"><time datetime=\"2022-03-23T11:00:00+01:00\">mars 23, 2022<\/time><\/a><\/div>\n\n<div class=\"wp-block-post-excerpt\"><p class=\"wp-block-post-excerpt__excerpt\">We warmly thank GoDaddy Pro for the ongoing support to the WordPress community and our event. We couldn\u2019t have made WordCamp Gen\u00e8ve 2022 possible at such a low price for attendees without this generosity. Nous remercions chaleureusement GoDaddy Pro pour le soutien continu en faveur de la communaut\u00e9 WordPress et de notre \u00e9v\u00e9nement. Nous n\u2019aurions\u2026<\/p><p class=\"wp-block-post-excerpt__more-text\"><a class=\"wp-block-post-excerpt__more-link\" href=\"https:\/\/geneve.wordcamp.org\/2022\/godaddy-pro-gold-sponsor\/\">Read more<\/a><\/p><\/div>\n\n\n<div style=\"height:30px\" aria-hidden=\"true\" class=\"wp-block-spacer\"><\/div>\n\n\n\n<hr class=\"wp-block-separator alignwide is-style-wide\" \/>\n\n\n\n<div style=\"height:30px\" aria-hidden=\"true\" class=\"wp-block-spacer\"><\/div>\n<\/div>\n\n<\/li><li class=\"wp-block-post post-6434 post type-post status-publish format-standard hentry category-english category-francais\">\n\n<div class=\"wp-block-group is-layout-flow wp-block-group-is-layout-flow\">\n\n<h2 class=\"alignwide wp-block-post-title has-var-wp-custom-typography-font-size-huge-clamp-2-25-rem-4-vw-2-75-rem-font-size\"><a href=\"https:\/\/geneve.wordcamp.org\/2022\/bluehost-gold-sponsor\/\" target=\"_self\" >Bluehost: Many thanks to our Gold Sponsor \/ Merci \u00e0 notre sponsor Gold<\/a><\/h2>\n\n<div style=\"font-style:italic;font-weight:400;\" class=\"wp-block-post-date has-small-font-size\"><a href=\"https:\/\/geneve.wordcamp.org\/2022\/bluehost-gold-sponsor\/\"><time datetime=\"2022-03-23T09:00:00+01:00\">mars 23, 2022<\/time><\/a><\/div>\n\n<div class=\"wp-block-post-excerpt\"><p class=\"wp-block-post-excerpt__excerpt\">We warmly thank Bluehost for the ongoing support to the WordPress community and our event. We couldn\u2019t have made WordCamp Gen\u00e8ve 2022 possible at such a low price for attendees without this generosity. Nous remercions chaleureusement Bluehost pour le soutien continu en faveur de la communaut\u00e9 WordPress et de notre \u00e9v\u00e9nement. Nous n\u2019aurions pu organiser\u2026<\/p><p class=\"wp-block-post-excerpt__more-text\"><a class=\"wp-block-post-excerpt__more-link\" href=\"https:\/\/geneve.wordcamp.org\/2022\/bluehost-gold-sponsor\/\">Read more<\/a><\/p><\/div>\n\n\n<div style=\"height:30px\" aria-hidden=\"true\" class=\"wp-block-spacer\"><\/div>\n\n\n\n<hr class=\"wp-block-separator alignwide is-style-wide\" \/>\n\n\n\n<div style=\"height:30px\" aria-hidden=\"true\" class=\"wp-block-spacer\"><\/div>\n<\/div>\n\n<\/li><li class=\"wp-block-post post-6432 post type-post status-publish format-standard hentry category-english category-francais\">\n\n<div class=\"wp-block-group is-layout-flow wp-block-group-is-layout-flow\">\n\n<h2 class=\"alignwide wp-block-post-title has-var-wp-custom-typography-font-size-huge-clamp-2-25-rem-4-vw-2-75-rem-font-size\"><a href=\"https:\/\/geneve.wordcamp.org\/2022\/nexcess-gold-sponsor\/\" target=\"_self\" >Nexcess: Many thanks to our Gold Sponsor \/ Merci \u00e0 notre sponsor Gold<\/a><\/h2>\n\n<div style=\"font-style:italic;font-weight:400;\" class=\"wp-block-post-date has-small-font-size\"><a href=\"https:\/\/geneve.wordcamp.org\/2022\/nexcess-gold-sponsor\/\"><time datetime=\"2022-03-22T13:00:00+01:00\">mars 22, 2022<\/time><\/a><\/div>\n\n<div class=\"wp-block-post-excerpt\"><p class=\"wp-block-post-excerpt__excerpt\">We warmly thank Nexcess for the ongoing support to the WordPress community and our event. We couldn\u2019t have made WordCamp Gen\u00e8ve 2022 possible at such a low price for attendees without this generosity. Nous remercions chaleureusement Nexcess pour le soutien continu en faveur de la communaut\u00e9 WordPress et de notre \u00e9v\u00e9nement. Nous n\u2019aurions pu organiser\u2026<\/p><p class=\"wp-block-post-excerpt__more-text\"><a class=\"wp-block-post-excerpt__more-link\" href=\"https:\/\/geneve.wordcamp.org\/2022\/nexcess-gold-sponsor\/\">Read more<\/a><\/p><\/div>\n\n\n<div style=\"height:30px\" aria-hidden=\"true\" class=\"wp-block-spacer\"><\/div>\n\n\n\n<hr class=\"wp-block-separator alignwide is-style-wide\" \/>\n\n\n\n<div style=\"height:30px\" aria-hidden=\"true\" class=\"wp-block-spacer\"><\/div>\n<\/div>\n\n<\/li><li class=\"wp-block-post post-6430 post type-post status-publish format-standard hentry category-english category-francais\">\n\n<div class=\"wp-block-group is-layout-flow wp-block-group-is-layout-flow\">\n\n<h2 class=\"alignwide wp-block-post-title has-var-wp-custom-typography-font-size-huge-clamp-2-25-rem-4-vw-2-75-rem-font-size\"><a href=\"https:\/\/geneve.wordcamp.org\/2022\/weglot-gold-sponsor\/\" target=\"_self\" >Weglot: Many thanks to our Gold Sponsor \/ Merci \u00e0 notre sponsor Gold<\/a><\/h2>\n\n<div style=\"font-style:italic;font-weight:400;\" class=\"wp-block-post-date has-small-font-size\"><a href=\"https:\/\/geneve.wordcamp.org\/2022\/weglot-gold-sponsor\/\"><time datetime=\"2022-03-22T11:00:00+01:00\">mars 22, 2022<\/time><\/a><\/div>\n\n<div class=\"wp-block-post-excerpt\"><p class=\"wp-block-post-excerpt__excerpt\">We warmly thank Weglot for the ongoing support to the WordPress community and our event. We couldn\u2019t have made WordCamp Gen\u00e8ve 2022 possible at such a low price for attendees without this generosity. Please visit them at the sponsor table ! Nous remercions chaleureusement Weglot pour le soutien continu en faveur de la communaut\u00e9 WordPress\u2026<\/p><p class=\"wp-block-post-excerpt__more-text\"><a class=\"wp-block-post-excerpt__more-link\" href=\"https:\/\/geneve.wordcamp.org\/2022\/weglot-gold-sponsor\/\">Read more<\/a><\/p><\/div>\n\n\n<div style=\"height:30px\" aria-hidden=\"true\" class=\"wp-block-spacer\"><\/div>\n\n\n\n<hr class=\"wp-block-separator alignwide is-style-wide\" \/>\n\n\n\n<div style=\"height:30px\" aria-hidden=\"true\" class=\"wp-block-spacer\"><\/div>\n<\/div>\n\n<\/li><li class=\"wp-block-post post-6431 post type-post status-publish format-standard hentry category-english category-francais\">\n\n<div class=\"wp-block-group is-layout-flow wp-block-group-is-layout-flow\">\n\n<h2 class=\"alignwide wp-block-post-title has-var-wp-custom-typography-font-size-huge-clamp-2-25-rem-4-vw-2-75-rem-font-size\"><a href=\"https:\/\/geneve.wordcamp.org\/2022\/wordpress-com-gold-sponsor\/\" target=\"_self\" >WordPress.com: Many thanks to our Gold Sponsor \/ Merci \u00e0 notre sponsor Gold<\/a><\/h2>\n\n<div style=\"font-style:italic;font-weight:400;\" class=\"wp-block-post-date has-small-font-size\"><a href=\"https:\/\/geneve.wordcamp.org\/2022\/wordpress-com-gold-sponsor\/\"><time datetime=\"2022-03-22T09:00:00+01:00\">mars 22, 2022<\/time><\/a><\/div>\n\n<div class=\"wp-block-post-excerpt\"><p class=\"wp-block-post-excerpt__excerpt\">We warmly thank WordPress.com for the ongoing support to the WordPress community and our event. We couldn\u2019t have made WordCamp Gen\u00e8ve 2022 possible at such a low price for attendees without this generosity. Nous remercions chaleureusement WordPress.com pour le soutien continu en faveur de la communaut\u00e9 WordPress et de notre \u00e9v\u00e9nement. Nous n\u2019aurions pu organiser\u2026<\/p><p class=\"wp-block-post-excerpt__more-text\"><a class=\"wp-block-post-excerpt__more-link\" href=\"https:\/\/geneve.wordcamp.org\/2022\/wordpress-com-gold-sponsor\/\">Read more<\/a><\/p><\/div>\n\n\n<div style=\"height:30px\" aria-hidden=\"true\" class=\"wp-block-spacer\"><\/div>\n\n\n\n<hr class=\"wp-block-separator alignwide is-style-wide\" \/>\n\n\n\n<div style=\"height:30px\" aria-hidden=\"true\" class=\"wp-block-spacer\"><\/div>\n<\/div>\n\n<\/li><\/ul>\n\n<nav class=\"alignwide wp-block-query-pagination is-content-justification-space-between is-layout-flex wp-container-core-query-pagination-is-layout-e2853e1a wp-block-query-pagination-is-layout-flex\" aria-label=\"Pagination\">\n\n\n<div class=\"wp-block-query-pagination-numbers\"><span aria-current=\"page\" class=\"page-numbers current\">1<\/span>\n<a class=\"page-numbers\" href=\"?query-93-page=2\">2<\/a><\/div>\n\n<a href=\"\/2022\/wp-json\/wp\/v2\/pages\/2915?query-93-page=2\" class=\"wp-block-query-pagination-next has-small-font-size\">Page suivante<span class='wp-block-query-pagination-next-arrow is-arrow-arrow' aria-hidden='true'>\u2192<\/span><\/a>\n<\/nav><\/div>\n","protected":false},"excerpt":{"rendered":"<p>[\u2192&nbsp;Version fran\u00e7aise] Subscribe to receive all our news<\/p>\n","protected":false},"author":7586875,"featured_media":2896,"parent":0,"menu_order":0,"comment_status":"closed","ping_status":"closed","template":"","meta":{"_crdt_document":"","jetpack_post_was_ever_published":false,"footnotes":""},"class_list":["post-2915","page","type-page","status-publish","has-post-thumbnail","hentry"],"jetpack_sharing_enabled":true,"_links":{"self":[{"href":"https:\/\/geneve.wordcamp.org\/2022\/wp-json\/wp\/v2\/pages\/2915","targetHints":{"allow":["GET"]}}],"collection":[{"href":"https:\/\/geneve.wordcamp.org\/2022\/wp-json\/wp\/v2\/pages"}],"about":[{"href":"https:\/\/geneve.wordcamp.org\/2022\/wp-json\/wp\/v2\/types\/page"}],"author":[{"embeddable":true,"href":"https:\/\/geneve.wordcamp.org\/2022\/wp-json\/wp\/v2\/users\/7586875"}],"replies":[{"embeddable":true,"href":"https:\/\/geneve.wordcamp.org\/2022\/wp-json\/wp\/v2\/comments?post=2915"}],"version-history":[{"count":23,"href":"https:\/\/geneve.wordcamp.org\/2022\/wp-json\/wp\/v2\/pages\/2915\/revisions"}],"predecessor-version":[{"id":6131,"href":"https:\/\/geneve.wordcamp.org\/2022\/wp-json\/wp\/v2\/pages\/2915\/revisions\/6131"}],"wp:featuredmedia":[{"embeddable":true,"href":"https:\/\/geneve.wordcamp.org\/2022\/wp-json\/wp\/v2\/media\/2896"}],"wp:attachment":[{"href":"https:\/\/geneve.wordcamp.org\/2022\/wp-json\/wp\/v2\/media?parent=2915"}],"curies":[{"name":"wp","href":"https:\/\/api.w.org\/{rel}","templated":true}]}}